{"id":353,"date":"2024-01-30T11:15:35","date_gmt":"2024-01-30T10:15:35","guid":{"rendered":"https:\/\/www.carnevalistoricidelpiceno.it\/?page_id=353"},"modified":"2026-02-10T09:50:57","modified_gmt":"2026-02-10T08:50:57","slug":"carnevale-storico-di-ascoli-piceno-2","status":"publish","type":"page","link":"https:\/\/www.carnevalistoricidelpiceno.it\/index.php\/carnevale-storico-di-ascoli-piceno-2\/","title":{"rendered":"Carnevale di Ascoli Piceno"},"content":{"rendered":"\n<p class=\"wp-block-paragraph\" style=\"font-size:15px\">ll Carnevale di Ascoli Piceno \u00e8 energia e vitalit\u00e0, entusiasmo, divertimento e un pizzico di irriverenza. La citt\u00e0 in quei giorni non si maschera, la citt\u00e0 va in scena sullo sfondo di una delle piazze pi\u00f9 belle d\u2019Italia: Piazza del Popolo.<br>Con la sua forza dirompente \u00e8 in grado di coinvolgere persone di tutte le et\u00e0. Vissuto visceralmente dagli ascolani, nulla li frena, nulla li limita nello sbeffeggiare con le macchiette i vizi privati e pubblici di tutti.<br>Ascoli Piceno si trasforma in un teatro a cielo aperto che trascina i visitatori in un vortice di emozioni fatto di gioia, musica, balli, colori e sapori.&nbsp;<\/p>\n\n\n\n<div class=\"wp-block-group alignfull has-normal-font-size\" style=\"margin-top:0;margin-bottom:0;padding-top:var(--wp--preset--spacing--50);padding-right:var(--wp--preset--spacing--50);padding-bottom:var(--wp--preset--spacing--50);padding-left:var(--wp--preset--spacing--50)\"><div class=\"wp-block-group__inner-container is-layout-constrained wp-container-core-group-is-layout-457e4fd1 wp-block-group-is-layout-constrained\">\n<div class=\"wp-block-group alignwide\"><div class=\"wp-block-group__inner-container is-layout-constrained wp-block-group-is-layout-constrained\">\n<div class=\"wp-block-columns alignwide is-layout-flex wp-container-core-columns-is-layout-b9724d6f wp-block-columns-is-layout-flex\" style=\"margin-top:0;margin-bottom:0\">\n<div class=\"wp-block-column is-layout-flow wp-block-column-is-layout-flow\">\n<figure class=\"wp-block-image size-full has-custom-border is-style-default\"><img loading=\"lazy\" decoding=\"async\" width=\"2560\" height=\"1703\" src=\"https:\/\/www.carnevalistoricidelpiceno.it\/wp-content\/uploads\/2024\/01\/AT26473-2-scaled.jpg\" alt=\"\" class=\"wp-image-88\" style=\"border-style:none;border-width:0px;border-radius:0px\" srcset=\"https:\/\/www.carnevalistoricidelpiceno.it\/wp-content\/uploads\/2024\/01\/AT26473-2-scaled.jpg 2560w, https:\/\/www.carnevalistoricidelpiceno.it\/wp-content\/uploads\/2024\/01\/AT26473-2-300x200.jpg 300w, https:\/\/www.carnevalistoricidelpiceno.it\/wp-content\/uploads\/2024\/01\/AT26473-2-1024x681.jpg 1024w, https:\/\/www.carnevalistoricidelpiceno.it\/wp-content\/uploads\/2024\/01\/AT26473-2-768x511.jpg 768w, https:\/\/www.carnevalistoricidelpiceno.it\/wp-content\/uploads\/2024\/01\/AT26473-2-1536x1022.jpg 1536w, https:\/\/www.carnevalistoricidelpiceno.it\/wp-content\/uploads\/2024\/01\/AT26473-2-2048x1363.jpg 2048w\" sizes=\"auto, (max-width: 767px) 89vw, (max-width: 1000px) 54vw, (max-width: 1071px) 543px, 580px\" \/><\/figure>\n\n\n\n<div style=\"height:var(--wp--preset--spacing--50)\" aria-hidden=\"true\" class=\"wp-block-spacer\"><\/div>\n\n\n\n<figure class=\"wp-block-image size-full is-style-default\"><img loading=\"lazy\" decoding=\"async\" width=\"1921\" height=\"2560\" src=\"https:\/\/www.carnevalistoricidelpiceno.it\/wp-content\/uploads\/2024\/01\/CARNEVALE-2023-IL-GATTO-del-gruppo-il-gatto-e-la-volpe-2-edited-scaled.jpg\" alt=\"\" class=\"wp-image-283\" style=\"aspect-ratio:3\/4;object-fit:cover\" srcset=\"https:\/\/www.carnevalistoricidelpiceno.it\/wp-content\/uploads\/2024\/01\/CARNEVALE-2023-IL-GATTO-del-gruppo-il-gatto-e-la-volpe-2-edited-scaled.jpg 1921w, https:\/\/www.carnevalistoricidelpiceno.it\/wp-content\/uploads\/2024\/01\/CARNEVALE-2023-IL-GATTO-del-gruppo-il-gatto-e-la-volpe-2-edited-225x300.jpg 225w, https:\/\/www.carnevalistoricidelpiceno.it\/wp-content\/uploads\/2024\/01\/CARNEVALE-2023-IL-GATTO-del-gruppo-il-gatto-e-la-volpe-2-edited-768x1024.jpg 768w, https:\/\/www.carnevalistoricidelpiceno.it\/wp-content\/uploads\/2024\/01\/CARNEVALE-2023-IL-GATTO-del-gruppo-il-gatto-e-la-volpe-2-edited-1152x1536.jpg 1152w, https:\/\/www.carnevalistoricidelpiceno.it\/wp-content\/uploads\/2024\/01\/CARNEVALE-2023-IL-GATTO-del-gruppo-il-gatto-e-la-volpe-2-edited-1537x2048.jpg 1537w\" sizes=\"auto, (max-width: 767px) 89vw, (max-width: 1000px) 54vw, (max-width: 1071px) 543px, 580px\" \/><\/figure>\n<\/div>\n\n\n\n<div class=\"wp-block-column is-layout-flow wp-block-column-is-layout-flow\">\n<figure class=\"wp-block-image size-large is-style-default\"><img loading=\"lazy\" decoding=\"async\" width=\"684\" height=\"1024\" src=\"https:\/\/www.carnevalistoricidelpiceno.it\/wp-content\/uploads\/2024\/01\/DSC_6760-1-684x1024.jpg\" alt=\"\" class=\"wp-image-87\" style=\"aspect-ratio:3\/4;object-fit:cover\" srcset=\"https:\/\/www.carnevalistoricidelpiceno.it\/wp-content\/uploads\/2024\/01\/DSC_6760-1-684x1024.jpg 684w, https:\/\/www.carnevalistoricidelpiceno.it\/wp-content\/uploads\/2024\/01\/DSC_6760-1-200x300.jpg 200w, https:\/\/www.carnevalistoricidelpiceno.it\/wp-content\/uploads\/2024\/01\/DSC_6760-1-768x1150.jpg 768w, https:\/\/www.carnevalistoricidelpiceno.it\/wp-content\/uploads\/2024\/01\/DSC_6760-1-1025x1536.jpg 1025w, https:\/\/www.carnevalistoricidelpiceno.it\/wp-content\/uploads\/2024\/01\/DSC_6760-1-1367x2048.jpg 1367w, https:\/\/www.carnevalistoricidelpiceno.it\/wp-content\/uploads\/2024\/01\/DSC_6760-1-scaled.jpg 1709w\" sizes=\"auto, (max-width: 684px) 100vw, 684px\" \/><\/figure>\n\n\n\n<div style=\"height:var(--wp--preset--spacing--50)\" aria-hidden=\"true\" class=\"wp-block-spacer\"><\/div>\n\n\n\n<figure class=\"wp-block-image size-large is-style-default\"><img loading=\"lazy\" decoding=\"async\" width=\"1024\" height=\"683\" src=\"https:\/\/www.carnevalistoricidelpiceno.it\/wp-content\/uploads\/2024\/01\/a-59-1024x683.jpg\" alt=\"\" class=\"wp-image-82\" style=\"aspect-ratio:1;object-fit:cover\" srcset=\"https:\/\/www.carnevalistoricidelpiceno.it\/wp-content\/uploads\/2024\/01\/a-59-1024x683.jpg 1024w, https:\/\/www.carnevalistoricidelpiceno.it\/wp-content\/uploads\/2024\/01\/a-59-300x200.jpg 300w, https:\/\/www.carnevalistoricidelpiceno.it\/wp-content\/uploads\/2024\/01\/a-59-768x512.jpg 768w, https:\/\/www.carnevalistoricidelpiceno.it\/wp-content\/uploads\/2024\/01\/a-59-1536x1024.jpg 1536w, https:\/\/www.carnevalistoricidelpiceno.it\/wp-content\/uploads\/2024\/01\/a-59-2048x1365.jpg 2048w\" sizes=\"auto, (max-width: 767px) 89vw, (max-width: 1000px) 54vw, (max-width: 1071px) 543px, 580px\" \/><\/figure>\n<\/div>\n<\/div>\n<\/div><\/div>\n<\/div><\/div>\n\n\n\n<p class=\"wp-block-paragraph\" style=\"font-size:15px\"><strong>Maschere storiche<\/strong><br><em>Buonumor Favorito<\/em>, maschera tradizionale ascolana, \u00e8 colui che porta allegria e divertimento tra le strade della citt\u00e0. Ha un cappello a quattro punte, abito a brache, panciotto met\u00e0 giallo e met\u00e0 turchino, una calza nera e una bianca, e una larga sciarpa rossa.&nbsp;<\/p>\n\n\n\n<p class=\"wp-block-paragraph\" style=\"font-size:15px\"><em>Lu Sfrigne<\/em><strong> <\/strong>\u00e8 l\u2019anima popolare del Carnevale, vestito con stracci di vari colori e con un grande ombrello pieno di aringhe puzzolenti che offre alla gente tra battute e storielle popolari.&nbsp;<\/p>\n\n\n\n<figure class=\"wp-block-gallery has-nested-images columns-default is-cropped wp-block-gallery-1 is-layout-flex wp-block-gallery-is-layout-flex\">\n<figure class=\"wp-block-image size-large\"><img loading=\"lazy\" decoding=\"async\" width=\"1024\" height=\"722\" data-id=\"64\" src=\"https:\/\/www.carnevalistoricidelpiceno.it\/wp-content\/uploads\/2024\/01\/giorno_DSC01589-st2lc2B-1024x722.jpg\" alt=\"\" class=\"wp-image-64\" srcset=\"https:\/\/www.carnevalistoricidelpiceno.it\/wp-content\/uploads\/2024\/01\/giorno_DSC01589-st2lc2B-1024x722.jpg 1024w, https:\/\/www.carnevalistoricidelpiceno.it\/wp-content\/uploads\/2024\/01\/giorno_DSC01589-st2lc2B-300x211.jpg 300w, https:\/\/www.carnevalistoricidelpiceno.it\/wp-content\/uploads\/2024\/01\/giorno_DSC01589-st2lc2B-768x541.jpg 768w, https:\/\/www.carnevalistoricidelpiceno.it\/wp-content\/uploads\/2024\/01\/giorno_DSC01589-st2lc2B.jpg 1341w\" sizes=\"auto, (max-width: 767px) 89vw, (max-width: 1000px) 54vw, (max-width: 1071px) 543px, 580px\" \/><\/figure>\n<\/figure>\n\n\n\n<div style=\"height:22px\" aria-hidden=\"true\" class=\"wp-block-spacer\"><\/div>\n\n\n\n<p class=\"wp-block-paragraph\" style=\"font-size:15px\"><strong>Lampadari storici<\/strong><br>L\u2019atmosfera del Carnevale ascolano \u00e8 quella di una grande festa e la regina \u00e8 piazza del Popolo che per l\u2019occasione si maschera anche lei: viene infatti abbellita con gli storici lampadari <em>fin de si\u00e8cle<\/em>. Il progetto di questi lampadari nasce nel 1958 con l\u2019intento di trasmettere alla folla mascherata l\u2019impressione di addentrarsi in uno sfarzoso salone da ballo.<\/p>\n\n\n\n<figure class=\"wp-block-image size-large\"><img loading=\"lazy\" decoding=\"async\" width=\"1024\" height=\"681\" src=\"https:\/\/www.carnevalistoricidelpiceno.it\/wp-content\/uploads\/2024\/01\/AT25563-1024x681.jpg\" alt=\"\" class=\"wp-image-355\" srcset=\"https:\/\/www.carnevalistoricidelpiceno.it\/wp-content\/uploads\/2024\/01\/AT25563-1024x681.jpg 1024w, https:\/\/www.carnevalistoricidelpiceno.it\/wp-content\/uploads\/2024\/01\/AT25563-300x200.jpg 300w, https:\/\/www.carnevalistoricidelpiceno.it\/wp-content\/uploads\/2024\/01\/AT25563-768x511.jpg 768w, https:\/\/www.carnevalistoricidelpiceno.it\/wp-content\/uploads\/2024\/01\/AT25563-1536x1022.jpg 1536w, https:\/\/www.carnevalistoricidelpiceno.it\/wp-content\/uploads\/2024\/01\/AT25563-2048x1363.jpg 2048w\" sizes=\"auto, (max-width: 767px) 89vw, (max-width: 1000px) 54vw, (max-width: 1071px) 543px, 580px\" \/><\/figure>\n\n\n\n<h2 class=\"wp-block-heading has-text-align-center\"><strong><a href=\"https:\/\/www.carnevalistoricidelpiceno.it\/index.php\/eventi-3\/\">Calendario 2026<\/a><\/strong><\/h2>\n\n\n\n<div class=\"wp-block-group alignfull has-background-color\" style=\"margin-top:0;margin-bottom:0;padding-top:var(--wp--preset--spacing--50);padding-right:var(--wp--preset--spacing--30);padding-bottom:var(--wp--preset--spacing--50);padding-left:var(--wp--preset--spacing--30)\"><div class=\"wp-block-group__inner-container is-layout-flow wp-block-group-is-layout-flow\">\n<div class=\"wp-block-group alignfull has-small-font-size is-content-justification-space-between is-nowrap is-layout-flex wp-container-core-group-is-layout-4d5d3555 wp-block-group-is-layout-flex\">\n<div class=\"wp-block-group wp-container-content-9cfa9a5a is-vertical is-content-justification-right is-layout-flex wp-container-core-group-is-layout-2b4002ad wp-block-group-is-layout-flex\">\n<p class=\"has-text-align-center has-small-font-size wp-block-paragraph\"><em>Carnevale di Ascoli Piceno:  <\/em><\/p>\n<\/div>\n\n\n\n<ul class=\"wp-block-social-links has-small-icon-size is-style-logos-only wp-container-content-b0223bd5 is-content-justification-left is-nowrap is-layout-flex wp-container-core-social-links-is-layout-7f82c8d4 wp-block-social-links-is-layout-flex\"><li class=\"wp-social-link wp-social-link-facebook wp-block-social-link\"><a rel=\"noopener nofollow\" target=\"_blank\" href=\"https:\/\/www.facebook.com\/CarnevaleDiAscoliPiceno\" class=\"wp-block-social-link-anchor\"><svg width=\"24\" height=\"24\" viewBox=\"0 0 24 24\" version=\"1.1\" xmlns=\"http:\/\/www.w3.org\/2000\/svg\" aria-hidden=\"true\" focusable=\"false\"><path d=\"M12 2C6.5 2 2 6.5 2 12c0 5 3.7 9.1 8.4 9.9v-7H7.9V12h2.5V9.8c0-2.5 1.5-3.9 3.8-3.9 1.1 0 2.2.2 2.2.2v2.5h-1.3c-1.2 0-1.6.8-1.6 1.6V12h2.8l-.4 2.9h-2.3v7C18.3 21.1 22 17 22 12c0-5.5-4.5-10-10-10z\"><\/path><\/svg><span class=\"wp-block-social-link-label screen-reader-text\">Facebook<\/span><\/a><\/li>\n\n<li class=\"wp-social-link wp-social-link-instagram wp-block-social-link\"><a rel=\"noopener nofollow\" target=\"_blank\" href=\"https:\/\/www.instagram.com\/carnevalediascolipiceno\/\" class=\"wp-block-social-link-anchor\"><svg width=\"24\" height=\"24\" viewBox=\"0 0 24 24\" version=\"1.1\" xmlns=\"http:\/\/www.w3.org\/2000\/svg\" aria-hidden=\"true\" focusable=\"false\"><path d=\"M12,4.622c2.403,0,2.688,0.009,3.637,0.052c0.877,0.04,1.354,0.187,1.671,0.31c0.42,0.163,0.72,0.358,1.035,0.673 c0.315,0.315,0.51,0.615,0.673,1.035c0.123,0.317,0.27,0.794,0.31,1.671c0.043,0.949,0.052,1.234,0.052,3.637 s-0.009,2.688-0.052,3.637c-0.04,0.877-0.187,1.354-0.31,1.671c-0.163,0.42-0.358,0.72-0.673,1.035 c-0.315,0.315-0.615,0.51-1.035,0.673c-0.317,0.123-0.794,0.27-1.671,0.31c-0.949,0.043-1.233,0.052-3.637,0.052 s-2.688-0.009-3.637-0.052c-0.877-0.04-1.354-0.187-1.671-0.31c-0.42-0.163-0.72-0.358-1.035-0.673 c-0.315-0.315-0.51-0.615-0.673-1.035c-0.123-0.317-0.27-0.794-0.31-1.671C4.631,14.688,4.622,14.403,4.622,12 s0.009-2.688,0.052-3.637c0.04-0.877,0.187-1.354,0.31-1.671c0.163-0.42,0.358-0.72,0.673-1.035 c0.315-0.315,0.615-0.51,1.035-0.673c0.317-0.123,0.794-0.27,1.671-0.31C9.312,4.631,9.597,4.622,12,4.622 M12,3 C9.556,3,9.249,3.01,8.289,3.054C7.331,3.098,6.677,3.25,6.105,3.472C5.513,3.702,5.011,4.01,4.511,4.511 c-0.5,0.5-0.808,1.002-1.038,1.594C3.25,6.677,3.098,7.331,3.054,8.289C3.01,9.249,3,9.556,3,12c0,2.444,0.01,2.751,0.054,3.711 c0.044,0.958,0.196,1.612,0.418,2.185c0.23,0.592,0.538,1.094,1.038,1.594c0.5,0.5,1.002,0.808,1.594,1.038 c0.572,0.222,1.227,0.375,2.185,0.418C9.249,20.99,9.556,21,12,21s2.751-0.01,3.711-0.054c0.958-0.044,1.612-0.196,2.185-0.418 c0.592-0.23,1.094-0.538,1.594-1.038c0.5-0.5,0.808-1.002,1.038-1.594c0.222-0.572,0.375-1.227,0.418-2.185 C20.99,14.751,21,14.444,21,12s-0.01-2.751-0.054-3.711c-0.044-0.958-0.196-1.612-0.418-2.185c-0.23-0.592-0.538-1.094-1.038-1.594 c-0.5-0.5-1.002-0.808-1.594-1.038c-0.572-0.222-1.227-0.375-2.185-0.418C14.751,3.01,14.444,3,12,3L12,3z M12,7.378 c-2.552,0-4.622,2.069-4.622,4.622S9.448,16.622,12,16.622s4.622-2.069,4.622-4.622S14.552,7.378,12,7.378z M12,15 c-1.657,0-3-1.343-3-3s1.343-3,3-3s3,1.343,3,3S13.657,15,12,15z M16.804,6.116c-0.596,0-1.08,0.484-1.08,1.08 s0.484,1.08,1.08,1.08c0.596,0,1.08-0.484,1.08-1.08S17.401,6.116,16.804,6.116z\"><\/path><\/svg><span class=\"wp-block-social-link-label screen-reader-text\">Instagram<\/span><\/a><\/li><\/ul>\n<\/div>\n<\/div><\/div>\n","protected":false},"excerpt":{"rendered":"<p>ll Carnevale di Ascoli Piceno \u00e8 energia e vitalit\u00e0, entusiasmo, divertimento e un pizzico di irriverenza. La citt\u00e0 in quei giorni non si maschera, la citt\u00e0 va in scena sullo sfondo di una delle piazze pi\u00f9 belle d\u2019Italia: Piazza del Popolo.Con la sua forza dirompente \u00e8 in grado di coinvolgere persone di tutte le et\u00e0. &hellip; <\/p>\n<p class=\"link-more\"><a href=\"https:\/\/www.carnevalistoricidelpiceno.it\/index.php\/carnevale-storico-di-ascoli-piceno-2\/\" class=\"more-link\">Leggi tutto<span class=\"screen-reader-text\"> &#8220;Carnevale di Ascoli Piceno&#8221;<\/span><\/a><\/p>\n","protected":false},"author":1,"featured_media":65,"parent":0,"menu_order":0,"comment_status":"closed","ping_status":"closed","template":"","meta":{"footnotes":""},"class_list":["post-353","page","type-page","status-publish","has-post-thumbnail","hentry"],"yoast_head":"<!-- This site is optimized with the Yoast SEO plugin v21.9.1 - https:\/\/yoast.com\/wordpress\/plugins\/seo\/ -->\n<title>Carnevale di Ascoli Piceno - Carnevali Storici del Piceno<\/title>\n<meta name=\"description\" content=\"ll Carnevale di Ascoli \u00e8 energia e vitalit\u00e0, entusiasmo, divertimento e un pizzico di irriverenza. La citt\u00e0 in quei giorni non si maschera...\" \/>\n<meta name=\"robots\" content=\"index, follow, max-snippet:-1, max-image-preview:large, max-video-preview:-1\" \/>\n<link rel=\"canonical\" href=\"https:\/\/www.carnevalistoricidelpiceno.it\/index.php\/carnevale-storico-di-ascoli-piceno-2\/\" \/>\n<meta property=\"og:locale\" content=\"it_IT\" \/>\n<meta property=\"og:type\" content=\"article\" \/>\n<meta property=\"og:title\" content=\"Carnevale di Ascoli Piceno - Carnevali Storici del Piceno\" \/>\n<meta property=\"og:description\" content=\"ll Carnevale di Ascoli \u00e8 energia e vitalit\u00e0, entusiasmo, divertimento e un pizzico di irriverenza. La citt\u00e0 in quei giorni non si maschera...\" \/>\n<meta property=\"og:url\" content=\"https:\/\/www.carnevalistoricidelpiceno.it\/index.php\/carnevale-storico-di-ascoli-piceno-2\/\" \/>\n<meta property=\"og:site_name\" content=\"Carnevali Storici del Piceno\" \/>\n<meta property=\"article:publisher\" content=\"https:\/\/www.facebook.com\/profile.php?id=61572196822440\" \/>\n<meta property=\"article:modified_time\" content=\"2026-02-10T08:50:57+00:00\" \/>\n<meta property=\"og:image\" content=\"https:\/\/www.carnevalistoricidelpiceno.it\/wp-content\/uploads\/2024\/01\/DSC_6615-scaled.jpg\" \/>\n\t<meta property=\"og:image:width\" content=\"2560\" \/>\n\t<meta property=\"og:image:height\" content=\"1709\" \/>\n\t<meta property=\"og:image:type\" content=\"image\/jpeg\" \/>\n<meta name=\"twitter:card\" content=\"summary_large_image\" \/>\n<meta name=\"twitter:label1\" content=\"Tempo di lettura stimato\" \/>\n\t<meta name=\"twitter:data1\" content=\"3 minuti\" \/>\n<script type=\"application\/ld+json\" class=\"yoast-schema-graph\">{\"@context\":\"https:\/\/schema.org\",\"@graph\":[{\"@type\":\"WebPage\",\"@id\":\"https:\/\/www.carnevalistoricidelpiceno.it\/index.php\/carnevale-storico-di-ascoli-piceno-2\/\",\"url\":\"https:\/\/www.carnevalistoricidelpiceno.it\/index.php\/carnevale-storico-di-ascoli-piceno-2\/\",\"name\":\"Carnevale di Ascoli Piceno - Carnevali Storici del Piceno\",\"isPartOf\":{\"@id\":\"https:\/\/www.carnevalistoricidelpiceno.it\/#website\"},\"datePublished\":\"2024-01-30T10:15:35+00:00\",\"dateModified\":\"2026-02-10T08:50:57+00:00\",\"description\":\"ll Carnevale di Ascoli \u00e8 energia e vitalit\u00e0, entusiasmo, divertimento e un pizzico di irriverenza. La citt\u00e0 in quei giorni non si maschera...\",\"breadcrumb\":{\"@id\":\"https:\/\/www.carnevalistoricidelpiceno.it\/index.php\/carnevale-storico-di-ascoli-piceno-2\/#breadcrumb\"},\"inLanguage\":\"it-IT\",\"potentialAction\":[{\"@type\":\"ReadAction\",\"target\":[\"https:\/\/www.carnevalistoricidelpiceno.it\/index.php\/carnevale-storico-di-ascoli-piceno-2\/\"]}]},{\"@type\":\"BreadcrumbList\",\"@id\":\"https:\/\/www.carnevalistoricidelpiceno.it\/index.php\/carnevale-storico-di-ascoli-piceno-2\/#breadcrumb\",\"itemListElement\":[{\"@type\":\"ListItem\",\"position\":1,\"name\":\"Home\",\"item\":\"https:\/\/www.carnevalistoricidelpiceno.it\/\"},{\"@type\":\"ListItem\",\"position\":2,\"name\":\"Carnevale di Ascoli Piceno\"}]},{\"@type\":\"WebSite\",\"@id\":\"https:\/\/www.carnevalistoricidelpiceno.it\/#website\",\"url\":\"https:\/\/www.carnevalistoricidelpiceno.it\/\",\"name\":\"Carnevali Storici del Piceno\",\"description\":\"\",\"publisher\":{\"@id\":\"https:\/\/www.carnevalistoricidelpiceno.it\/#organization\"},\"potentialAction\":[{\"@type\":\"SearchAction\",\"target\":{\"@type\":\"EntryPoint\",\"urlTemplate\":\"https:\/\/www.carnevalistoricidelpiceno.it\/?s={search_term_string}\"},\"query-input\":\"required name=search_term_string\"}],\"inLanguage\":\"it-IT\"},{\"@type\":\"Organization\",\"@id\":\"https:\/\/www.carnevalistoricidelpiceno.it\/#organization\",\"name\":\"Carnevali Storici del Piceno\",\"url\":\"https:\/\/www.carnevalistoricidelpiceno.it\/\",\"logo\":{\"@type\":\"ImageObject\",\"inLanguage\":\"it-IT\",\"@id\":\"https:\/\/www.carnevalistoricidelpiceno.it\/#\/schema\/logo\/image\/\",\"url\":\"https:\/\/www.carnevalistoricidelpiceno.it\/wp-content\/uploads\/2024\/01\/LOGO_CARNEVALI_STORICI_PICENO-01.png\",\"contentUrl\":\"https:\/\/www.carnevalistoricidelpiceno.it\/wp-content\/uploads\/2024\/01\/LOGO_CARNEVALI_STORICI_PICENO-01.png\",\"width\":2735,\"height\":2735,\"caption\":\"Carnevali Storici del Piceno\"},\"image\":{\"@id\":\"https:\/\/www.carnevalistoricidelpiceno.it\/#\/schema\/logo\/image\/\"},\"sameAs\":[\"https:\/\/www.facebook.com\/profile.php?id=61572196822440\",\"https:\/\/www.instagram.com\/carnevali_storici_del_piceno\/\"]}]}<\/script>\n<!-- \/ Yoast SEO plugin. -->","yoast_head_json":{"title":"Carnevale di Ascoli Piceno - Carnevali Storici del Piceno","description":"ll Carnevale di Ascoli \u00e8 energia e vitalit\u00e0, entusiasmo, divertimento e un pizzico di irriverenza. La citt\u00e0 in quei giorni non si maschera...","robots":{"index":"index","follow":"follow","max-snippet":"max-snippet:-1","max-image-preview":"max-image-preview:large","max-video-preview":"max-video-preview:-1"},"canonical":"https:\/\/www.carnevalistoricidelpiceno.it\/index.php\/carnevale-storico-di-ascoli-piceno-2\/","og_locale":"it_IT","og_type":"article","og_title":"Carnevale di Ascoli Piceno - Carnevali Storici del Piceno","og_description":"ll Carnevale di Ascoli \u00e8 energia e vitalit\u00e0, entusiasmo, divertimento e un pizzico di irriverenza. La citt\u00e0 in quei giorni non si maschera...","og_url":"https:\/\/www.carnevalistoricidelpiceno.it\/index.php\/carnevale-storico-di-ascoli-piceno-2\/","og_site_name":"Carnevali Storici del Piceno","article_publisher":"https:\/\/www.facebook.com\/profile.php?id=61572196822440","article_modified_time":"2026-02-10T08:50:57+00:00","og_image":[{"width":2560,"height":1709,"url":"https:\/\/www.carnevalistoricidelpiceno.it\/wp-content\/uploads\/2024\/01\/DSC_6615-scaled.jpg","type":"image\/jpeg"}],"twitter_card":"summary_large_image","twitter_misc":{"Tempo di lettura stimato":"3 minuti"},"schema":{"@context":"https:\/\/schema.org","@graph":[{"@type":"WebPage","@id":"https:\/\/www.carnevalistoricidelpiceno.it\/index.php\/carnevale-storico-di-ascoli-piceno-2\/","url":"https:\/\/www.carnevalistoricidelpiceno.it\/index.php\/carnevale-storico-di-ascoli-piceno-2\/","name":"Carnevale di Ascoli Piceno - Carnevali Storici del Piceno","isPartOf":{"@id":"https:\/\/www.carnevalistoricidelpiceno.it\/#website"},"datePublished":"2024-01-30T10:15:35+00:00","dateModified":"2026-02-10T08:50:57+00:00","description":"ll Carnevale di Ascoli \u00e8 energia e vitalit\u00e0, entusiasmo, divertimento e un pizzico di irriverenza. La citt\u00e0 in quei giorni non si maschera...","breadcrumb":{"@id":"https:\/\/www.carnevalistoricidelpiceno.it\/index.php\/carnevale-storico-di-ascoli-piceno-2\/#breadcrumb"},"inLanguage":"it-IT","potentialAction":[{"@type":"ReadAction","target":["https:\/\/www.carnevalistoricidelpiceno.it\/index.php\/carnevale-storico-di-ascoli-piceno-2\/"]}]},{"@type":"BreadcrumbList","@id":"https:\/\/www.carnevalistoricidelpiceno.it\/index.php\/carnevale-storico-di-ascoli-piceno-2\/#breadcrumb","itemListElement":[{"@type":"ListItem","position":1,"name":"Home","item":"https:\/\/www.carnevalistoricidelpiceno.it\/"},{"@type":"ListItem","position":2,"name":"Carnevale di Ascoli Piceno"}]},{"@type":"WebSite","@id":"https:\/\/www.carnevalistoricidelpiceno.it\/#website","url":"https:\/\/www.carnevalistoricidelpiceno.it\/","name":"Carnevali Storici del Piceno","description":"","publisher":{"@id":"https:\/\/www.carnevalistoricidelpiceno.it\/#organization"},"potentialAction":[{"@type":"SearchAction","target":{"@type":"EntryPoint","urlTemplate":"https:\/\/www.carnevalistoricidelpiceno.it\/?s={search_term_string}"},"query-input":"required name=search_term_string"}],"inLanguage":"it-IT"},{"@type":"Organization","@id":"https:\/\/www.carnevalistoricidelpiceno.it\/#organization","name":"Carnevali Storici del Piceno","url":"https:\/\/www.carnevalistoricidelpiceno.it\/","logo":{"@type":"ImageObject","inLanguage":"it-IT","@id":"https:\/\/www.carnevalistoricidelpiceno.it\/#\/schema\/logo\/image\/","url":"https:\/\/www.carnevalistoricidelpiceno.it\/wp-content\/uploads\/2024\/01\/LOGO_CARNEVALI_STORICI_PICENO-01.png","contentUrl":"https:\/\/www.carnevalistoricidelpiceno.it\/wp-content\/uploads\/2024\/01\/LOGO_CARNEVALI_STORICI_PICENO-01.png","width":2735,"height":2735,"caption":"Carnevali Storici del Piceno"},"image":{"@id":"https:\/\/www.carnevalistoricidelpiceno.it\/#\/schema\/logo\/image\/"},"sameAs":["https:\/\/www.facebook.com\/profile.php?id=61572196822440","https:\/\/www.instagram.com\/carnevali_storici_del_piceno\/"]}]}},"_links":{"self":[{"href":"https:\/\/www.carnevalistoricidelpiceno.it\/index.php\/wp-json\/wp\/v2\/pages\/353","targetHints":{"allow":["GET"]}}],"collection":[{"href":"https:\/\/www.carnevalistoricidelpiceno.it\/index.php\/wp-json\/wp\/v2\/pages"}],"about":[{"href":"https:\/\/www.carnevalistoricidelpiceno.it\/index.php\/wp-json\/wp\/v2\/types\/page"}],"author":[{"embeddable":true,"href":"https:\/\/www.carnevalistoricidelpiceno.it\/index.php\/wp-json\/wp\/v2\/users\/1"}],"replies":[{"embeddable":true,"href":"https:\/\/www.carnevalistoricidelpiceno.it\/index.php\/wp-json\/wp\/v2\/comments?post=353"}],"version-history":[{"count":8,"href":"https:\/\/www.carnevalistoricidelpiceno.it\/index.php\/wp-json\/wp\/v2\/pages\/353\/revisions"}],"predecessor-version":[{"id":513,"href":"https:\/\/www.carnevalistoricidelpiceno.it\/index.php\/wp-json\/wp\/v2\/pages\/353\/revisions\/513"}],"wp:featuredmedia":[{"embeddable":true,"href":"https:\/\/www.carnevalistoricidelpiceno.it\/index.php\/wp-json\/wp\/v2\/media\/65"}],"wp:attachment":[{"href":"https:\/\/www.carnevalistoricidelpiceno.it\/index.php\/wp-json\/wp\/v2\/media?parent=353"}],"curies":[{"name":"wp","href":"https:\/\/api.w.org\/{rel}","templated":true}]}}