{"id":172,"date":"2024-01-29T11:53:28","date_gmt":"2024-01-29T10:53:28","guid":{"rendered":"https:\/\/www.carnevalistoricidelpiceno.it\/?page_id=172"},"modified":"2026-02-10T09:57:25","modified_gmt":"2026-02-10T08:57:25","slug":"eventi-5","status":"publish","type":"page","link":"https:\/\/www.carnevalistoricidelpiceno.it\/index.php\/eventi-5\/","title":{"rendered":"Eventi \u2013 Li Moccule Carnevale Storico di Castignano"},"content":{"rendered":"\n<p class=\"has-luminous-vivid-orange-color has-text-color has-link-color wp-elements-1 wp-block-paragraph\" style=\"font-size:23px;font-style:normal;font-weight:700\"><strong>Sabato 24 gennaio \u2013 Barnevale<\/strong><\/p>\n\n\n\n<p class=\"wp-block-paragraph\">Dalle ore 19:00\u00a0<br><em>Il giro dei bar per inaugurare il Carnevale! Serata a tema anni &#8217;70 e &#8217;80<\/em><\/p>\n\n\n\n<hr class=\"wp-block-separator has-text-color has-accent-2-color has-alpha-channel-opacity has-accent-2-background-color has-background is-style-wide\"\/>\n\n\n\n<p class=\"has-luminous-vivid-orange-color has-text-color has-link-color wp-elements-2 wp-block-paragraph\" style=\"font-size:23px;font-style:normal;font-weight:700\"><strong>Sabato 7 febbraio \u2013 Veglione di apertura Carnevale Storico Castignanese 2026<\/strong><\/p>\n\n\n\n<p class=\"has-black-color has-text-color has-link-color wp-elements-3 wp-block-paragraph\" style=\"font-size:16px;font-style:normal;font-weight:500\">Ore 23:00 Struttura polifunzionale Predaia \u2013 C.da Galvoni<br>Maschera a tema &#8220;GRAN GAL\u00c0 A CASTIGN\u00c0: lu cuntad\u00ec rvestite a festa&#8221;<br>Musica a cura della band I PUPAZZI<br>Dj Set DJ N-TIC<br><em>Ingresso 10,00 \u20ac | Soci Pro Loco 5,00 euro<\/em><\/p>\n\n\n\n<hr class=\"wp-block-separator has-text-color has-accent-2-color has-alpha-channel-opacity has-accent-2-background-color has-background is-style-wide\"\/>\n\n\n\n<p class=\"has-luminous-vivid-orange-color has-text-color has-link-color wp-elements-4 wp-block-paragraph\" style=\"font-size:23px;font-style:normal;font-weight:700\"><strong>Gioved\u00ec 12 febbraio \u2013 Pizza onta in piazza<\/strong><\/p>\n\n\n\n<p class=\"has-normal-font-size wp-block-paragraph\">Ore 17:00 \u2013 Piazza Umberto I \u2013 Centro Storico<br><strong>Gara e proclamazione Re Carnevale<\/strong><\/p>\n\n\n\n<hr class=\"wp-block-separator has-text-color has-accent-2-color has-alpha-channel-opacity has-accent-2-background-color has-background is-style-wide\"\/>\n\n\n\n<p class=\"has-luminous-vivid-orange-color has-text-color has-link-color wp-elements-5 wp-block-paragraph\" style=\"font-size:23px;font-style:normal;font-weight:700\"><strong><strong>Sabato 14 febbraio \u2013 Veglionissimo mascherato<\/strong><\/strong><\/p>\n\n\n\n<p class=\"has-normal-font-size wp-block-paragraph\">Ore 23:00\u00a0\u2013 Struttura polifunzionale Predaia \u2013 C.da Galvoni<br>Musica a cura della band QUEI BRAVI RAGAZZI<br>Dj set SIMON DJ<br><em>Ingresso 10,00\u00a0euro<\/em><\/p>\n\n\n\n<hr class=\"wp-block-separator has-text-color has-accent-2-color has-alpha-channel-opacity has-accent-2-background-color has-background is-style-wide\"\/>\n\n\n\n<p class=\"has-luminous-vivid-orange-color has-text-color has-link-color wp-elements-6 wp-block-paragraph\" style=\"font-size:23px;font-style:normal;font-weight:700\"><strong>Luned\u00ec 16 febbraio \u2013 Carnevale dei bambini<\/strong><\/p>\n\n\n\n<p class=\"has-normal-font-size wp-block-paragraph\">Ore 15:30 \u2013 Struttura polifunzionale Predaia \u2013 C.da Galvoni<br>Animazione, giochi e balli con &#8220;I Cirenei&#8221;<\/p>\n\n\n\n<hr class=\"wp-block-separator has-text-color has-accent-2-color has-alpha-channel-opacity has-accent-2-background-color has-background is-style-wide\"\/>\n\n\n\n<p class=\"has-luminous-vivid-orange-color has-text-color has-link-color wp-elements-7 wp-block-paragraph\" style=\"font-size:23px;font-style:normal;font-weight:700\"><strong>Marted<strong><strong><strong>\u00ec 17 febbraio | Marted\u00ec Grasso<\/strong><\/strong><\/strong><\/strong><\/p>\n\n\n\n<p class=\"has-normal-font-size wp-block-paragraph\">Ore 15:00 \u2013 Viale Borgo Garibaldi<br><strong>SFILATA DEI CARRI ALLEGORICI E GRUPPI MASCHERATI 2026<br><\/strong>Premi alle maschere pi\u00f9 belle e divertenti<\/p>\n\n\n\n<p class=\"has-normal-font-size wp-block-paragraph\">Ore 18:00 \u2013 Piazza Umberto I \u2013 Centro storico<br><strong>BALLI IN PIAZZA<\/strong><\/p>\n\n\n\n<p class=\"has-normal-font-size wp-block-paragraph\">Ore 19:00<br><strong>LI MOCCULE\u2002\u2013 PROCESSIONE STORICA<br><\/strong>All&#8217;incitazione forte e imperiosa di &#8220;FORA FORA LI MOCCULE&#8221;<strong><br><\/strong><br>Ore 21:00 Piazza Umberto I \u2013 Centro storico\u00a0<br><strong>BALLI IN PIAZZA <br><\/strong>con SIMON DJ per la <strong>CHIUSURA DEL CARNEVALE STORICO CASTIGANESE 2026<\/strong><br>Premiazione dei gruppi mascherati e carri allegorici\u00a0<\/p>\n\n\n\n<hr class=\"wp-block-separator has-text-color has-accent-2-color has-alpha-channel-opacity has-accent-2-background-color has-background is-style-wide\"\/>\n\n\n\n<p class=\"wp-block-paragraph\">Dalle ore 15:00 alle 22:00<br><strong>APERTURA STAND GASTRONOMICO<\/strong><\/p>\n\n\n\n<p class=\"wp-block-paragraph\"><\/p>\n","protected":false},"excerpt":{"rendered":"<p>Sabato 24 gennaio \u2013 Barnevale Dalle ore 19:00\u00a0Il giro dei bar per inaugurare il Carnevale! Serata a tema anni &#8217;70 e &#8217;80 Sabato 7 febbraio \u2013 Veglione di apertura Carnevale Storico Castignanese 2026 Ore 23:00 Struttura polifunzionale Predaia \u2013 C.da GalvoniMaschera a tema &#8220;GRAN GAL\u00c0 A CASTIGN\u00c0: lu cuntad\u00ec rvestite a festa&#8221;Musica a cura della &hellip; <\/p>\n<p class=\"link-more\"><a href=\"https:\/\/www.carnevalistoricidelpiceno.it\/index.php\/eventi-5\/\" class=\"more-link\">Leggi tutto<span class=\"screen-reader-text\"> &#8220;Eventi \u2013 Li Moccule Carnevale Storico di Castignano&#8221;<\/span><\/a><\/p>\n","protected":false},"author":1,"featured_media":0,"parent":0,"menu_order":0,"comment_status":"closed","ping_status":"closed","template":"","meta":{"footnotes":""},"class_list":["post-172","page","type-page","status-publish","hentry"],"yoast_head":"<!-- This site is optimized with the Yoast SEO plugin v21.9.1 - https:\/\/yoast.com\/wordpress\/plugins\/seo\/ -->\n<title>Eventi \u2013 Li Moccule Carnevale Storico di Castignano - Carnevali Storici del Piceno<\/title>\n<meta name=\"robots\" content=\"index, follow, max-snippet:-1, max-image-preview:large, max-video-preview:-1\" \/>\n<link rel=\"canonical\" href=\"https:\/\/www.carnevalistoricidelpiceno.it\/index.php\/eventi-5\/\" \/>\n<meta property=\"og:locale\" content=\"it_IT\" \/>\n<meta property=\"og:type\" content=\"article\" \/>\n<meta property=\"og:title\" content=\"Eventi \u2013 Li Moccule Carnevale Storico di Castignano - Carnevali Storici del Piceno\" \/>\n<meta property=\"og:description\" content=\"Sabato 24 gennaio \u2013 Barnevale Dalle ore 19:00\u00a0Il giro dei bar per inaugurare il Carnevale! Serata a tema anni &#8217;70 e &#8217;80 Sabato 7 febbraio \u2013 Veglione di apertura Carnevale Storico Castignanese 2026 Ore 23:00 Struttura polifunzionale Predaia \u2013 C.da GalvoniMaschera a tema &#8220;GRAN GAL\u00c0 A CASTIGN\u00c0: lu cuntad\u00ec rvestite a festa&#8221;Musica a cura della &hellip; Leggi tutto &quot;Eventi \u2013 Li Moccule Carnevale Storico di Castignano&quot;\" \/>\n<meta property=\"og:url\" content=\"https:\/\/www.carnevalistoricidelpiceno.it\/index.php\/eventi-5\/\" \/>\n<meta property=\"og:site_name\" content=\"Carnevali Storici del Piceno\" \/>\n<meta property=\"article:publisher\" content=\"https:\/\/www.facebook.com\/profile.php?id=61572196822440\" \/>\n<meta property=\"article:modified_time\" content=\"2026-02-10T08:57:25+00:00\" \/>\n<meta name=\"twitter:card\" content=\"summary_large_image\" \/>\n<meta name=\"twitter:label1\" content=\"Tempo di lettura stimato\" \/>\n\t<meta name=\"twitter:data1\" content=\"2 minuti\" \/>\n<script type=\"application\/ld+json\" class=\"yoast-schema-graph\">{\"@context\":\"https:\/\/schema.org\",\"@graph\":[{\"@type\":\"WebPage\",\"@id\":\"https:\/\/www.carnevalistoricidelpiceno.it\/index.php\/eventi-5\/\",\"url\":\"https:\/\/www.carnevalistoricidelpiceno.it\/index.php\/eventi-5\/\",\"name\":\"Eventi \u2013 Li Moccule Carnevale Storico di Castignano - Carnevali Storici del Piceno\",\"isPartOf\":{\"@id\":\"https:\/\/www.carnevalistoricidelpiceno.it\/#website\"},\"datePublished\":\"2024-01-29T10:53:28+00:00\",\"dateModified\":\"2026-02-10T08:57:25+00:00\",\"breadcrumb\":{\"@id\":\"https:\/\/www.carnevalistoricidelpiceno.it\/index.php\/eventi-5\/#breadcrumb\"},\"inLanguage\":\"it-IT\",\"potentialAction\":[{\"@type\":\"ReadAction\",\"target\":[\"https:\/\/www.carnevalistoricidelpiceno.it\/index.php\/eventi-5\/\"]}]},{\"@type\":\"BreadcrumbList\",\"@id\":\"https:\/\/www.carnevalistoricidelpiceno.it\/index.php\/eventi-5\/#breadcrumb\",\"itemListElement\":[{\"@type\":\"ListItem\",\"position\":1,\"name\":\"Home\",\"item\":\"https:\/\/www.carnevalistoricidelpiceno.it\/\"},{\"@type\":\"ListItem\",\"position\":2,\"name\":\"Eventi \u2013 Li Moccule Carnevale Storico di Castignano\"}]},{\"@type\":\"WebSite\",\"@id\":\"https:\/\/www.carnevalistoricidelpiceno.it\/#website\",\"url\":\"https:\/\/www.carnevalistoricidelpiceno.it\/\",\"name\":\"Carnevali Storici del Piceno\",\"description\":\"\",\"publisher\":{\"@id\":\"https:\/\/www.carnevalistoricidelpiceno.it\/#organization\"},\"potentialAction\":[{\"@type\":\"SearchAction\",\"target\":{\"@type\":\"EntryPoint\",\"urlTemplate\":\"https:\/\/www.carnevalistoricidelpiceno.it\/?s={search_term_string}\"},\"query-input\":\"required name=search_term_string\"}],\"inLanguage\":\"it-IT\"},{\"@type\":\"Organization\",\"@id\":\"https:\/\/www.carnevalistoricidelpiceno.it\/#organization\",\"name\":\"Carnevali Storici del Piceno\",\"url\":\"https:\/\/www.carnevalistoricidelpiceno.it\/\",\"logo\":{\"@type\":\"ImageObject\",\"inLanguage\":\"it-IT\",\"@id\":\"https:\/\/www.carnevalistoricidelpiceno.it\/#\/schema\/logo\/image\/\",\"url\":\"https:\/\/www.carnevalistoricidelpiceno.it\/wp-content\/uploads\/2024\/01\/LOGO_CARNEVALI_STORICI_PICENO-01.png\",\"contentUrl\":\"https:\/\/www.carnevalistoricidelpiceno.it\/wp-content\/uploads\/2024\/01\/LOGO_CARNEVALI_STORICI_PICENO-01.png\",\"width\":2735,\"height\":2735,\"caption\":\"Carnevali Storici del Piceno\"},\"image\":{\"@id\":\"https:\/\/www.carnevalistoricidelpiceno.it\/#\/schema\/logo\/image\/\"},\"sameAs\":[\"https:\/\/www.facebook.com\/profile.php?id=61572196822440\",\"https:\/\/www.instagram.com\/carnevali_storici_del_piceno\/\"]}]}<\/script>\n<!-- \/ Yoast SEO plugin. -->","yoast_head_json":{"title":"Eventi \u2013 Li Moccule Carnevale Storico di Castignano - Carnevali Storici del Piceno","robots":{"index":"index","follow":"follow","max-snippet":"max-snippet:-1","max-image-preview":"max-image-preview:large","max-video-preview":"max-video-preview:-1"},"canonical":"https:\/\/www.carnevalistoricidelpiceno.it\/index.php\/eventi-5\/","og_locale":"it_IT","og_type":"article","og_title":"Eventi \u2013 Li Moccule Carnevale Storico di Castignano - Carnevali Storici del Piceno","og_description":"Sabato 24 gennaio \u2013 Barnevale Dalle ore 19:00\u00a0Il giro dei bar per inaugurare il Carnevale! Serata a tema anni &#8217;70 e &#8217;80 Sabato 7 febbraio \u2013 Veglione di apertura Carnevale Storico Castignanese 2026 Ore 23:00 Struttura polifunzionale Predaia \u2013 C.da GalvoniMaschera a tema &#8220;GRAN GAL\u00c0 A CASTIGN\u00c0: lu cuntad\u00ec rvestite a festa&#8221;Musica a cura della &hellip; Leggi tutto \"Eventi \u2013 Li Moccule Carnevale Storico di Castignano\"","og_url":"https:\/\/www.carnevalistoricidelpiceno.it\/index.php\/eventi-5\/","og_site_name":"Carnevali Storici del Piceno","article_publisher":"https:\/\/www.facebook.com\/profile.php?id=61572196822440","article_modified_time":"2026-02-10T08:57:25+00:00","twitter_card":"summary_large_image","twitter_misc":{"Tempo di lettura stimato":"2 minuti"},"schema":{"@context":"https:\/\/schema.org","@graph":[{"@type":"WebPage","@id":"https:\/\/www.carnevalistoricidelpiceno.it\/index.php\/eventi-5\/","url":"https:\/\/www.carnevalistoricidelpiceno.it\/index.php\/eventi-5\/","name":"Eventi \u2013 Li Moccule Carnevale Storico di Castignano - Carnevali Storici del Piceno","isPartOf":{"@id":"https:\/\/www.carnevalistoricidelpiceno.it\/#website"},"datePublished":"2024-01-29T10:53:28+00:00","dateModified":"2026-02-10T08:57:25+00:00","breadcrumb":{"@id":"https:\/\/www.carnevalistoricidelpiceno.it\/index.php\/eventi-5\/#breadcrumb"},"inLanguage":"it-IT","potentialAction":[{"@type":"ReadAction","target":["https:\/\/www.carnevalistoricidelpiceno.it\/index.php\/eventi-5\/"]}]},{"@type":"BreadcrumbList","@id":"https:\/\/www.carnevalistoricidelpiceno.it\/index.php\/eventi-5\/#breadcrumb","itemListElement":[{"@type":"ListItem","position":1,"name":"Home","item":"https:\/\/www.carnevalistoricidelpiceno.it\/"},{"@type":"ListItem","position":2,"name":"Eventi \u2013 Li Moccule Carnevale Storico di Castignano"}]},{"@type":"WebSite","@id":"https:\/\/www.carnevalistoricidelpiceno.it\/#website","url":"https:\/\/www.carnevalistoricidelpiceno.it\/","name":"Carnevali Storici del Piceno","description":"","publisher":{"@id":"https:\/\/www.carnevalistoricidelpiceno.it\/#organization"},"potentialAction":[{"@type":"SearchAction","target":{"@type":"EntryPoint","urlTemplate":"https:\/\/www.carnevalistoricidelpiceno.it\/?s={search_term_string}"},"query-input":"required name=search_term_string"}],"inLanguage":"it-IT"},{"@type":"Organization","@id":"https:\/\/www.carnevalistoricidelpiceno.it\/#organization","name":"Carnevali Storici del Piceno","url":"https:\/\/www.carnevalistoricidelpiceno.it\/","logo":{"@type":"ImageObject","inLanguage":"it-IT","@id":"https:\/\/www.carnevalistoricidelpiceno.it\/#\/schema\/logo\/image\/","url":"https:\/\/www.carnevalistoricidelpiceno.it\/wp-content\/uploads\/2024\/01\/LOGO_CARNEVALI_STORICI_PICENO-01.png","contentUrl":"https:\/\/www.carnevalistoricidelpiceno.it\/wp-content\/uploads\/2024\/01\/LOGO_CARNEVALI_STORICI_PICENO-01.png","width":2735,"height":2735,"caption":"Carnevali Storici del Piceno"},"image":{"@id":"https:\/\/www.carnevalistoricidelpiceno.it\/#\/schema\/logo\/image\/"},"sameAs":["https:\/\/www.facebook.com\/profile.php?id=61572196822440","https:\/\/www.instagram.com\/carnevali_storici_del_piceno\/"]}]}},"_links":{"self":[{"href":"https:\/\/www.carnevalistoricidelpiceno.it\/index.php\/wp-json\/wp\/v2\/pages\/172","targetHints":{"allow":["GET"]}}],"collection":[{"href":"https:\/\/www.carnevalistoricidelpiceno.it\/index.php\/wp-json\/wp\/v2\/pages"}],"about":[{"href":"https:\/\/www.carnevalistoricidelpiceno.it\/index.php\/wp-json\/wp\/v2\/types\/page"}],"author":[{"embeddable":true,"href":"https:\/\/www.carnevalistoricidelpiceno.it\/index.php\/wp-json\/wp\/v2\/users\/1"}],"replies":[{"embeddable":true,"href":"https:\/\/www.carnevalistoricidelpiceno.it\/index.php\/wp-json\/wp\/v2\/comments?post=172"}],"version-history":[{"count":13,"href":"https:\/\/www.carnevalistoricidelpiceno.it\/index.php\/wp-json\/wp\/v2\/pages\/172\/revisions"}],"predecessor-version":[{"id":520,"href":"https:\/\/www.carnevalistoricidelpiceno.it\/index.php\/wp-json\/wp\/v2\/pages\/172\/revisions\/520"}],"wp:attachment":[{"href":"https:\/\/www.carnevalistoricidelpiceno.it\/index.php\/wp-json\/wp\/v2\/media?parent=172"}],"curies":[{"name":"wp","href":"https:\/\/api.w.org\/{rel}","templated":true}]}}